{"id":170,"date":"2023-06-03T17:56:02","date_gmt":"2023-06-03T17:56:02","guid":{"rendered":"https:\/\/manuelaspadoni.com\/?page_id=170"},"modified":"2023-08-09T14:58:07","modified_gmt":"2023-08-09T14:58:07","slug":"conferencias","status":"publish","type":"page","link":"https:\/\/manuelaspadoni.com\/es\/conferencias\/","title":{"rendered":"Conferencias"},"content":{"rendered":"<div data-elementor-type=\"wp-page\" data-elementor-id=\"170\" class=\"elementor elementor-170\" data-elementor-post-type=\"page\">\n\t\t\t\t<div class=\"elementor-element elementor-element-a9185f9 e-flex e-con-boxed e-con e-parent\" data-id=\"a9185f9\" data-element_type=\"container\" data-settings=\"{&quot;background_background&quot;:&quot;classic&quot;}\">\n\t\t\t\t\t<div class=\"e-con-inner\">\n\t\t\t\t<div class=\"elementor-element elementor-element-7bdd65e elementor-widget elementor-widget-heading\" data-id=\"7bdd65e\" data-element_type=\"widget\" data-widget_type=\"heading.default\">\n\t\t\t\t<div class=\"elementor-widget-container\">\n\t\t\t\t\t<h2 class=\"elementor-heading-title elementor-size-default\">TALLERES<\/h2>\t\t\t\t<\/div>\n\t\t\t\t<\/div>\n\t\t\t\t<div class=\"elementor-element elementor-element-99285d1 elementor-widget elementor-widget-heading\" data-id=\"99285d1\" data-element_type=\"widget\" data-widget_type=\"heading.default\">\n\t\t\t\t<div class=\"elementor-widget-container\">\n\t\t\t\t\t<h2 class=\"elementor-heading-title elementor-size-default\">a cargo de la Dra. Manuela Spadoni<\/h2>\t\t\t\t<\/div>\n\t\t\t\t<\/div>\n\t\t\t\t\t<\/div>\n\t\t\t\t<\/div>\n\t\t<div class=\"elementor-element elementor-element-7461fac e-flex e-con-boxed e-con e-parent\" data-id=\"7461fac\" data-element_type=\"container\">\n\t\t\t\t\t<div class=\"e-con-inner\">\n\t\t<div class=\"elementor-element elementor-element-9d54e93 e-con-full e-flex e-con e-parent\" data-id=\"9d54e93\" data-element_type=\"container\" data-settings=\"{&quot;background_background&quot;:&quot;classic&quot;}\">\n\t\t\t\t<div class=\"elementor-element elementor-element-7c1a28b elementor-widget elementor-widget-spacer\" data-id=\"7c1a28b\" data-element_type=\"widget\" data-widget_type=\"spacer.default\">\n\t\t\t\t<div class=\"elementor-widget-container\">\n\t\t\t\t\t\t\t<div class=\"elementor-spacer\">\n\t\t\t<div class=\"elementor-spacer-inner\"><\/div>\n\t\t<\/div>\n\t\t\t\t\t\t<\/div>\n\t\t\t\t<\/div>\n\t\t\t\t<div class=\"elementor-element elementor-element-477aa4e elementor-widget elementor-widget-heading\" data-id=\"477aa4e\" data-element_type=\"widget\" data-widget_type=\"heading.default\">\n\t\t\t\t<div class=\"elementor-widget-container\">\n\t\t\t\t\t<h2 class=\"elementor-heading-title elementor-size-default\">TRATAMIENTO EMDR DEL TRAUMA COMPLEJO Y LOS TRASTORNOS DISOCIATIVOS<\/h2>\t\t\t\t<\/div>\n\t\t\t\t<\/div>\n\t\t\t\t<div class=\"elementor-element elementor-element-201f6d8 elementor-widget elementor-widget-heading\" data-id=\"201f6d8\" data-element_type=\"widget\" data-widget_type=\"heading.default\">\n\t\t\t\t<div class=\"elementor-widget-container\">\n\t\t\t\t\t<h2 class=\"elementor-heading-title elementor-size-default\">(Taller de 2 d\u00edas)<\/h2>\t\t\t\t<\/div>\n\t\t\t\t<\/div>\n\t\t\t\t<div class=\"elementor-element elementor-element-a2173f6 elementor-widget elementor-widget-text-editor\" data-id=\"a2173f6\" data-element_type=\"widget\" data-widget_type=\"text-editor.default\">\n\t\t\t\t<div class=\"elementor-widget-container\">\n\t\t\t\t\t\t\t\t\t<p>Este taller es muy \u00fatil para colegas que deseen explorar un m\u00e9todo EMDR para trabajar con pacientes con traumatizaci\u00f3n compleja (TEPT complejo y trastornos disociativos). Cuando se trabaja con este tipo de pacientes, a menudo es necesario complementar los procedimientos est\u00e1ndar con herramientas espec\u00edficas para hacer frente a la criticidad y especificidad de este tipo de pacientes. El m\u00e9todo de trabajo presentado se inspira principalmente en el m\u00e9todo de Jim Knipe.<\/p><p>Durante el taller, se abordar\u00e1n algunos puntos clave para trabajar con pacientes complejos:<\/p><ol><li>C\u00f3mo entender mejor los conflictos entre los Estados del Yo y las Partes en el paciente complejo. Los participantes revisar\u00e1n algunos conceptos te\u00f3ricos importantes necesarios para comprender la traumatizaci\u00f3n compleja desde la perspectiva del modelo AIP.<\/li><li>C\u00f3mo representar gr\u00e1ficamente el sistema interno del paciente complejo con \u00f3valos. Los participantes tambi\u00e9n ver\u00e1n c\u00f3mo representar gr\u00e1ficamente la estructura interna del paciente complejo con \u00f3valos y tendr\u00e1n la oportunidad de empezar a practicar esta t\u00e9cnica durante ejercicios en grupos peque\u00f1os.<\/li><li>C\u00f3mo estabilizar a los pacientes complejos con las herramientas BHS y CIPOS. Estas herramientas se ilustrar\u00e1n tambi\u00e9n mediante casos cl\u00ednicos.<\/li><li>C\u00f3mo procesar. Los participantes tendr\u00e1n la oportunidad de profundizar en algunas herramientas espec\u00edficas como el Di\u00e1logo Interior Sanador (DHI), la Intervenci\u00f3n Integrativa a Dos Manos, el Procedimiento de los Ojos Amorosos, algunas de las posibles alternativas y modificaciones a los Pasos 3 y 4 del Protocolo Est\u00e1ndar, algunas t\u00e9cnicas para trabajar con las defensas de verg\u00fcenza, idealizaci\u00f3n y evitaci\u00f3n, etc. Los participantes tambi\u00e9n tendr\u00e1n la oportunidad de ver ejemplos de aplicaci\u00f3n de las herramientas ilustrados en v\u00eddeos y transcripciones de sesiones de casos cl\u00ednicos.<\/li><\/ol>\t\t\t\t\t\t\t\t<\/div>\n\t\t\t\t<\/div>\n\t\t\t\t<div class=\"elementor-element elementor-element-5b675db elementor-widget elementor-widget-heading\" data-id=\"5b675db\" data-element_type=\"widget\" data-widget_type=\"heading.default\">\n\t\t\t\t<div class=\"elementor-widget-container\">\n\t\t\t\t\t<h2 class=\"elementor-heading-title elementor-size-default\">PROGRAMA DEL TALLER<\/h2>\t\t\t\t<\/div>\n\t\t\t\t<\/div>\n\t\t\t\t<div class=\"elementor-element elementor-element-d65bf50 elementor-widget elementor-widget-text-editor\" data-id=\"d65bf50\" data-element_type=\"widget\" data-widget_type=\"text-editor.default\">\n\t\t\t\t<div class=\"elementor-widget-container\">\n\t\t\t\t\t\t\t\t\t<u>D\u00eda 1<\/u><br>\n\nMa\u00f1ana:\n<ol>\n \t<li>conceptos te\u00f3ricos<\/li>\n \t<li>ejercicios pr\u00e1cticos en grupos peque\u00f1os<\/li>\n<\/ol>\nTarde\n<ol>\n \t<li>herramientas adicionales: m\u00e9todos para identificar y resolver defensas psicol\u00f3gicas (tambi\u00e9n aplicados a la procrastinaci\u00f3n y las adicciones)<\/li>\n \t<li>casos cl\u00ednicos para ilustrar estas herramientas<\/li>\n<\/ol><br>\n<u>D\u00eda 2<\/u><br>\n\nMa\u00f1ana:\n<ol>\n \t<li>ejercicios pr\u00e1cticos en grupos peque\u00f1os<\/li>\n \t<li>conceptos te\u00f3ricos<\/li>\n \t<li>Herramientas adicionales: el Procedimiento de los Ojos Amorosos, el Di\u00e1logo Interior Sanador (DHI) y la Intervenci\u00f3n Integrativa a Dos Manos.<\/li>\n \t<li>casos cl\u00ednicos para ilustrar estas herramientas<\/li>\n<\/ol>\nTarde\n<ol>\n \t<li>herramientas adicionales: BHS y CIPOS, algunas de las posibles alternativas y modificaciones a las Fases 3 y 4 del Protocolo Est\u00e1ndar, dibujos.<\/li>\n \t<li>casos cl\u00ednicos para ilustrar estas herramientas<\/li>\n \t<li>ejercicios pr\u00e1cticos en grupos peque\u00f1os<\/li>\n<\/ol>\t\t\t\t\t\t\t\t<\/div>\n\t\t\t\t<\/div>\n\t\t\t\t<div class=\"elementor-element elementor-element-3ad16e1 elementor-widget elementor-widget-heading\" data-id=\"3ad16e1\" data-element_type=\"widget\" data-widget_type=\"heading.default\">\n\t\t\t\t<div class=\"elementor-widget-container\">\n\t\t\t\t\t<h2 class=\"elementor-heading-title elementor-size-default\">MODALIDADES DE ACCESO<\/h2>\t\t\t\t<\/div>\n\t\t\t\t<\/div>\n\t\t\t\t<div class=\"elementor-element elementor-element-9e37f82 elementor-widget elementor-widget-heading\" data-id=\"9e37f82\" data-element_type=\"widget\" data-widget_type=\"heading.default\">\n\t\t\t\t<div class=\"elementor-widget-container\">\n\t\t\t\t\t<h2 class=\"elementor-heading-title elementor-size-default translation-block\">Este taller puede organizarse bajo demanda para grupos. Se realiza de manera presencial.<br>\n<br>\nHaz clic aqu\u00ed para m\u00e1s detalles o env\u00eda un correo a <a href=\"mailto:info@manuelaspadoni.com\">info@manuelaspadoni.com<\/a>.<\/h2>\t\t\t\t<\/div>\n\t\t\t\t<\/div>\n\t\t\t\t<div class=\"elementor-element elementor-element-acaa9c5 elementor-widget elementor-widget-spacer\" data-id=\"acaa9c5\" data-element_type=\"widget\" data-widget_type=\"spacer.default\">\n\t\t\t\t<div class=\"elementor-widget-container\">\n\t\t\t\t\t\t\t<div class=\"elementor-spacer\">\n\t\t\t<div class=\"elementor-spacer-inner\"><\/div>\n\t\t<\/div>\n\t\t\t\t\t\t<\/div>\n\t\t\t\t<\/div>\n\t\t\t\t<\/div>\n\t\t\t\t\t<\/div>\n\t\t\t\t<\/div>\n\t\t<div class=\"elementor-element elementor-element-fdbf489 e-flex e-con-boxed e-con e-parent\" data-id=\"fdbf489\" data-element_type=\"container\">\n\t\t\t\t\t<div class=\"e-con-inner\">\n\t\t<div class=\"elementor-element elementor-element-b169b87 e-con-full e-flex e-con e-parent\" data-id=\"b169b87\" data-element_type=\"container\" data-settings=\"{&quot;background_background&quot;:&quot;classic&quot;}\">\n\t\t\t\t<div class=\"elementor-element elementor-element-052b5d2 elementor-widget elementor-widget-spacer\" data-id=\"052b5d2\" data-element_type=\"widget\" data-widget_type=\"spacer.default\">\n\t\t\t\t<div class=\"elementor-widget-container\">\n\t\t\t\t\t\t\t<div class=\"elementor-spacer\">\n\t\t\t<div class=\"elementor-spacer-inner\"><\/div>\n\t\t<\/div>\n\t\t\t\t\t\t<\/div>\n\t\t\t\t<\/div>\n\t\t\t\t<div class=\"elementor-element elementor-element-14a94cd elementor-widget elementor-widget-heading\" data-id=\"14a94cd\" data-element_type=\"widget\" data-widget_type=\"heading.default\">\n\t\t\t\t<div class=\"elementor-widget-container\">\n\t\t\t\t\t<h2 class=\"elementor-heading-title elementor-size-default translation-block\">TALLER PR\u00c1CTICO AVANZADO<br>\r\nPROFUNDIZACI\u00d3N EN ALGUNAS T\u00c9CNICAS DE TRABAJO CON LAS DEFENSAS DE EVITACI\u00d3N Y EL PROCEDIMIENTO DE LOS OJOS AMOROSOS<\/h2>\t\t\t\t<\/div>\n\t\t\t\t<\/div>\n\t\t\t\t<div class=\"elementor-element elementor-element-a487f74 elementor-widget elementor-widget-heading\" data-id=\"a487f74\" data-element_type=\"widget\" data-widget_type=\"heading.default\">\n\t\t\t\t<div class=\"elementor-widget-container\">\n\t\t\t\t\t<h2 class=\"elementor-heading-title elementor-size-default\">(taller de 1 d\u00eda)<\/h2>\t\t\t\t<\/div>\n\t\t\t\t<\/div>\n\t\t\t\t<div class=\"elementor-element elementor-element-dd8c325 elementor-widget elementor-widget-text-editor\" data-id=\"dd8c325\" data-element_type=\"widget\" data-widget_type=\"text-editor.default\">\n\t\t\t\t<div class=\"elementor-widget-container\">\n\t\t\t\t\t\t\t\t\tPara los terapeutas EMDR que trabajan con pacientes complejos, a menudo es evidente que, a medida que aumenta la complejidad de los pacientes, se vuelven cada vez m\u00e1s significativos ciertos mecanismos y obst\u00e1culos que no permiten proceder \u00fanicamente con el Protocolo Est\u00e1ndar. En estos casos puede ser necesario introducir variaciones en el procedimiento est\u00e1ndar de EMDR y utilizar herramientas adicionales espec\u00edficas de EMDR para complementarlo.<br><br>\nEntre los obst\u00e1culos m\u00e1s frecuentemente encontrados en la pr\u00e1ctica cl\u00ednica con pacientes complejos se encuentran las defensas de evitaci\u00f3n (impiden el acceso al material traum\u00e1tico), la p\u00e9rdida de atenci\u00f3n dual y de seguridad en el presente por parte del paciente (el paciente se siente abrumado por el material traum\u00e1tico) y la disociaci\u00f3n.<br><br>\n\nEste taller tiene como objetivo profundizar en algunas t\u00e9cnicas espec\u00edficas \u00fatiles para trabajar los problemas mencionados: algunas herramientas para trabajar las defensas de evitaci\u00f3n (como el LOUA, \"\u00bfQu\u00e9 hay de bueno en...?\", etc.) y el procedimiento de los Ojos Amorosos. Este curso no es te\u00f3rico, sino que se basa en el aprendizaje pr\u00e1ctico mediante el uso de material cl\u00ednico proporcionado por el profesor (transcripciones y v\u00eddeos).\n\nLos participantes en el taller ser\u00e1n capaces de:\n<ul>\n \t<li>obtener una visi\u00f3n general de algunas herramientas para trabajar las defensas de evasi\u00f3n y el procedimiento Loving Eyes<\/li>\n \t<li>ver diferentes contextos de aplicaci\u00f3n de las herramientas mencionadas en algunas sesiones con pacientes y ejemplos cl\u00ednicos<\/li>\n \t<li>tener la oportunidad de debatir el material presentado con vistas a aprender sobre el terreno<\/li>\n \t<li>recibir\u00e1n est\u00edmulos sobre c\u00f3mo aplicar las herramientas presentadas a algunos de sus propios casos cl\u00ednicos<\/li>\n<\/ul>\t\t\t\t\t\t\t\t<\/div>\n\t\t\t\t<\/div>\n\t\t\t\t<div class=\"elementor-element elementor-element-59c7725 elementor-widget elementor-widget-heading\" data-id=\"59c7725\" data-element_type=\"widget\" data-widget_type=\"heading.default\">\n\t\t\t\t<div class=\"elementor-widget-container\">\n\t\t\t\t\t<h2 class=\"elementor-heading-title elementor-size-default\">PROGRAMA DEL TALLER<\/h2>\t\t\t\t<\/div>\n\t\t\t\t<\/div>\n\t\t\t\t<div class=\"elementor-element elementor-element-21b1ed8 elementor-widget elementor-widget-text-editor\" data-id=\"21b1ed8\" data-element_type=\"widget\" data-widget_type=\"text-editor.default\">\n\t\t\t\t<div class=\"elementor-widget-container\">\n\t\t\t\t\t\t\t\t\tMa\u00f1ana:\n<ol>\n \t<li>presentaci\u00f3n de algunas t\u00e9cnicas para trabajar con las defensas de evitaci\u00f3n<\/li>\n \t<li>visionado de v\u00eddeos y lectura de transcripciones de sesiones con debate en grupo<\/li>\n \t<li>reflexiones sobre las hip\u00f3tesis de aplicaci\u00f3n de las t\u00e9cnicas de trabajo con las defensas evasivas en los casos de los participantes<\/li>\n<\/ol><br>\nTarde\n<ol>\n \t<li>presentaci\u00f3n del procedimiento Loving Eyes<\/li>\n \t<li>visionado de v\u00eddeos y lectura de transcripciones con debate en grupo<\/li>\n \t<li>reflexiones sobre las hip\u00f3tesis de aplicaci\u00f3n del procedimiento Loving Eyes a los casos de los participantes<\/li>\n<\/ol>\t\t\t\t\t\t\t\t<\/div>\n\t\t\t\t<\/div>\n\t\t\t\t<div class=\"elementor-element elementor-element-4e89540 elementor-widget elementor-widget-heading\" data-id=\"4e89540\" data-element_type=\"widget\" data-widget_type=\"heading.default\">\n\t\t\t\t<div class=\"elementor-widget-container\">\n\t\t\t\t\t<h2 class=\"elementor-heading-title elementor-size-default\">MODALIDADES DE ACCESO<\/h2>\t\t\t\t<\/div>\n\t\t\t\t<\/div>\n\t\t\t\t<div class=\"elementor-element elementor-element-a281b1b elementor-widget elementor-widget-heading\" data-id=\"a281b1b\" data-element_type=\"widget\" data-widget_type=\"heading.default\">\n\t\t\t\t<div class=\"elementor-widget-container\">\n\t\t\t\t\t<h2 class=\"elementor-heading-title elementor-size-default translation-block\">Este taller puede organizarse bajo demanda para grupos. Se realiza de manera presencial.<br>\n<br>\nHaz clic aqu\u00ed para m\u00e1s detalles o env\u00eda un correo a <a href=\"mailto:info@manuelaspadoni.com\">info@manuelaspadoni.com<\/a>.<\/h2>\t\t\t\t<\/div>\n\t\t\t\t<\/div>\n\t\t\t\t<div class=\"elementor-element elementor-element-d83400d elementor-widget elementor-widget-spacer\" data-id=\"d83400d\" data-element_type=\"widget\" data-widget_type=\"spacer.default\">\n\t\t\t\t<div class=\"elementor-widget-container\">\n\t\t\t\t\t\t\t<div class=\"elementor-spacer\">\n\t\t\t<div class=\"elementor-spacer-inner\"><\/div>\n\t\t<\/div>\n\t\t\t\t\t\t<\/div>\n\t\t\t\t<\/div>\n\t\t\t\t<\/div>\n\t\t\t\t\t<\/div>\n\t\t\t\t<\/div>\n\t\t<div class=\"elementor-element elementor-element-31c6deb e-flex e-con-boxed e-con e-parent\" data-id=\"31c6deb\" data-element_type=\"container\">\n\t\t\t\t\t<div class=\"e-con-inner\">\n\t\t<div class=\"elementor-element elementor-element-b0990dc e-con-full e-flex e-con e-parent\" data-id=\"b0990dc\" data-element_type=\"container\" data-settings=\"{&quot;background_background&quot;:&quot;classic&quot;}\">\n\t\t\t\t<div class=\"elementor-element elementor-element-c2c368c elementor-widget elementor-widget-spacer\" data-id=\"c2c368c\" data-element_type=\"widget\" data-widget_type=\"spacer.default\">\n\t\t\t\t<div class=\"elementor-widget-container\">\n\t\t\t\t\t\t\t<div class=\"elementor-spacer\">\n\t\t\t<div class=\"elementor-spacer-inner\"><\/div>\n\t\t<\/div>\n\t\t\t\t\t\t<\/div>\n\t\t\t\t<\/div>\n\t\t\t\t<div class=\"elementor-element elementor-element-a786ffb elementor-widget elementor-widget-heading\" data-id=\"a786ffb\" data-element_type=\"widget\" data-widget_type=\"heading.default\">\n\t\t\t\t<div class=\"elementor-widget-container\">\n\t\t\t\t\t<h2 class=\"elementor-heading-title elementor-size-default translation-block\">TALLER AVANZADO<br>\r\nEL APEGO AL AUTOR: ALGUNAS HERRAMIENTAS Y POSIBLES ORIENTACIONES DE TRABAJO<\/h2>\t\t\t\t<\/div>\n\t\t\t\t<\/div>\n\t\t\t\t<div class=\"elementor-element elementor-element-51a1bba elementor-widget elementor-widget-heading\" data-id=\"51a1bba\" data-element_type=\"widget\" data-widget_type=\"heading.default\">\n\t\t\t\t<div class=\"elementor-widget-container\">\n\t\t\t\t\t<h2 class=\"elementor-heading-title elementor-size-default\">(taller de 1 d\u00eda)<\/h2>\t\t\t\t<\/div>\n\t\t\t\t<\/div>\n\t\t\t\t<div class=\"elementor-element elementor-element-4bc8eb3 elementor-widget elementor-widget-text-editor\" data-id=\"4bc8eb3\" data-element_type=\"widget\" data-widget_type=\"text-editor.default\">\n\t\t\t\t<div class=\"elementor-widget-container\">\n\t\t\t\t\t\t\t\t\tEn su pr\u00e1ctica cl\u00ednica, los terapeutas se enfrentan a menudo a problemas relacionados con el apego al agresor. Este tipo de patr\u00f3n de apego puede tener su origen en experiencias relacionales infantiles que implicaron la activaci\u00f3n simult\u00e1nea de dos necesidades de supervivencia opuestas: la necesidad de protegerse y la necesidad de mantener el apego con la misma persona. Para resolver este \"conflicto imposible\", el ni\u00f1o puede utilizar defensas, disociaci\u00f3n, etc. Estos procesos generan patrones destructivos que, con el tiempo, pueden ser evidentes en s\u00ed mismos, en las relaciones con los dem\u00e1s y en las actitudes hacia el mundo y pueden conducir a la necesidad de psicoterapia.<br><br>\n\nDurante la terapia EMDR con estos pacientes puede ocurrir que los procedimientos est\u00e1ndar no sean suficientes y se necesiten herramientas EMDR adicionales para trabajar las defensas y la disociaci\u00f3n.<br><br>\n\nDurante este taller, los participantes podr\u00e1n\n<ul>\n \t<li>Profundizar en el conocimiento de algunos conceptos te\u00f3ricos relacionados con el apego perpetrador.<\/li>\n \t<li>aumentar su conocimiento de la Parte que Imita al Perpetrador, incluso en sus formas m\u00e1s leves, y ver algunas direcciones posibles para trabajar con esta Parte.<\/li>\n \t<li>profundizar en el conocimiento de algunas herramientas de trabajo extra\u00eddas principalmente del m\u00e9todo de Jim Knipe, como LOPA, Di\u00e1logo Interior Sanador (DHI), etc.<\/li>\n \t<li>ver algunas de las posibles direcciones del trabajo cl\u00ednico.<\/li>\n<\/ul><br>\nLa presentaci\u00f3n del material cl\u00ednico preparado por el ponente y el debate en grupo sobre el material cl\u00ednico ocupar\u00e1n la mayor parte del tiempo del taller, lo que permitir\u00e1 a los participantes aprender de forma pr\u00e1ctica a utilizar las t\u00e9cnicas presentadas.\t\t\t\t\t\t\t\t<\/div>\n\t\t\t\t<\/div>\n\t\t\t\t<div class=\"elementor-element elementor-element-ac65879 elementor-widget elementor-widget-heading\" data-id=\"ac65879\" data-element_type=\"widget\" data-widget_type=\"heading.default\">\n\t\t\t\t<div class=\"elementor-widget-container\">\n\t\t\t\t\t<h2 class=\"elementor-heading-title elementor-size-default\">PROGRAMA DEL TALLER<\/h2>\t\t\t\t<\/div>\n\t\t\t\t<\/div>\n\t\t\t\t<div class=\"elementor-element elementor-element-1a4e1d8 elementor-widget elementor-widget-text-editor\" data-id=\"1a4e1d8\" data-element_type=\"widget\" data-widget_type=\"text-editor.default\">\n\t\t\t\t<div class=\"elementor-widget-container\">\n\t\t\t\t\t\t\t\t\tPor la ma\u00f1ana:\n<ol>\n \t<li>introducci\u00f3n: aspectos te\u00f3ricos sobre la disociaci\u00f3n en general y el apego perpetrador<\/li>\n \t<li>la parte que imita al agresor<\/li>\n \t<li>algunas orientaciones del trabajo cl\u00ednico con la Parte Imitadora del Perpetrador<\/li>\n \t<li>casos cl\u00ednicos (v\u00eddeos y transcripciones)<\/li>\n<\/ol><br>\nTarde<br>\n<ol>\n \t<li>presentaci\u00f3n de algunas posibles herramientas EMDR adicionales (LOPA, IHD, etc.)<\/li>\n \t<li>casos cl\u00ednicos (v\u00eddeos y transcripciones)<\/li>\n<\/ol>\t\t\t\t\t\t\t\t<\/div>\n\t\t\t\t<\/div>\n\t\t\t\t<div class=\"elementor-element elementor-element-d21411c elementor-widget elementor-widget-heading\" data-id=\"d21411c\" data-element_type=\"widget\" data-widget_type=\"heading.default\">\n\t\t\t\t<div class=\"elementor-widget-container\">\n\t\t\t\t\t<h2 class=\"elementor-heading-title elementor-size-default\">MODALIDADES DE ACCESO<\/h2>\t\t\t\t<\/div>\n\t\t\t\t<\/div>\n\t\t\t\t<div class=\"elementor-element elementor-element-51f9d78 elementor-widget elementor-widget-heading\" data-id=\"51f9d78\" data-element_type=\"widget\" data-widget_type=\"heading.default\">\n\t\t\t\t<div class=\"elementor-widget-container\">\n\t\t\t\t\t<h2 class=\"elementor-heading-title elementor-size-default translation-block\">Este taller puede organizarse bajo demanda para grupos. Se realiza de manera presencial.<br>\n<br>\nHaz clic aqu\u00ed para m\u00e1s detalles o env\u00eda un correo a <a href=\"mailto:info@manuelaspadoni.com\">info@manuelaspadoni.com<\/a>.<\/h2>\t\t\t\t<\/div>\n\t\t\t\t<\/div>\n\t\t\t\t<div class=\"elementor-element elementor-element-7f65e06 elementor-widget elementor-widget-spacer\" data-id=\"7f65e06\" data-element_type=\"widget\" data-widget_type=\"spacer.default\">\n\t\t\t\t<div class=\"elementor-widget-container\">\n\t\t\t\t\t\t\t<div class=\"elementor-spacer\">\n\t\t\t<div class=\"elementor-spacer-inner\"><\/div>\n\t\t<\/div>\n\t\t\t\t\t\t<\/div>\n\t\t\t\t<\/div>\n\t\t\t\t<\/div>\n\t\t\t\t\t<\/div>\n\t\t\t\t<\/div>\n\t\t<div class=\"elementor-element elementor-element-7abd5e3 e-flex e-con-boxed e-con e-parent\" data-id=\"7abd5e3\" data-element_type=\"container\">\n\t\t\t\t\t<div class=\"e-con-inner\">\n\t\t<div class=\"elementor-element elementor-element-d1d634f e-con-full e-flex e-con e-parent\" data-id=\"d1d634f\" data-element_type=\"container\" data-settings=\"{&quot;background_background&quot;:&quot;classic&quot;}\">\n\t\t\t\t<div class=\"elementor-element elementor-element-7e1c4e5 elementor-widget elementor-widget-spacer\" data-id=\"7e1c4e5\" data-element_type=\"widget\" data-widget_type=\"spacer.default\">\n\t\t\t\t<div class=\"elementor-widget-container\">\n\t\t\t\t\t\t\t<div class=\"elementor-spacer\">\n\t\t\t<div class=\"elementor-spacer-inner\"><\/div>\n\t\t<\/div>\n\t\t\t\t\t\t<\/div>\n\t\t\t\t<\/div>\n\t\t\t\t<div class=\"elementor-element elementor-element-2ebd69c elementor-widget elementor-widget-heading\" data-id=\"2ebd69c\" data-element_type=\"widget\" data-widget_type=\"heading.default\">\n\t\t\t\t<div class=\"elementor-widget-container\">\n\t\t\t\t\t<h2 class=\"elementor-heading-title elementor-size-default\">ATENCI\u00d3N DUAL: SIGNIFICADO, HERRAMIENTAS, IMPLICACIONES<\/h2>\t\t\t\t<\/div>\n\t\t\t\t<\/div>\n\t\t\t\t<div class=\"elementor-element elementor-element-61a63ee elementor-widget elementor-widget-heading\" data-id=\"61a63ee\" data-element_type=\"widget\" data-widget_type=\"heading.default\">\n\t\t\t\t<div class=\"elementor-widget-container\">\n\t\t\t\t\t<h2 class=\"elementor-heading-title elementor-size-default\">(taller de 4 horas)<\/h2>\t\t\t\t<\/div>\n\t\t\t\t<\/div>\n\t\t\t\t<div class=\"elementor-element elementor-element-4c6a4fb elementor-widget elementor-widget-text-editor\" data-id=\"4c6a4fb\" data-element_type=\"widget\" data-widget_type=\"text-editor.default\">\n\t\t\t\t<div class=\"elementor-widget-container\">\n\t\t\t\t\t\t\t\t\tEste taller se centra en la importancia de la atenci\u00f3n dual en la terapia EMDR. La atenci\u00f3n dual es la conciencia simult\u00e1nea de la seguridad en el presente y de los recursos presentes mientras se accede al material almacenado disfuncionalmente (material traum\u00e1tico). Sin la atenci\u00f3n dual no puede tener lugar ning\u00fan procesamiento. Por lo tanto, la atenci\u00f3n dual es un foco importante de la terapia.<br><br>\n\nDurante este taller, los participantes tendr\u00e1n la oportunidad de\n<ul>\n \t<li>repasar algunos conceptos generales: modelo AIP, recuerdos traum\u00e1ticos, BLS, fiestas, etc.<\/li>\n \t<li>profundizar en la atenci\u00f3n dual: su significado e importancia en la terapia, etc.<\/li>\n \t<li>centrarse en algunos posibles instrumentos (herramientas) \u00fatiles para construir, aumentar, consolidar, restablecer en caso de p\u00e9rdida, la conciencia de la orientaci\u00f3n presente<\/li>\n \t<li>ver algunos ejemplos de aplicaci\u00f3n de las herramientas descritas en v\u00eddeos y transcripciones de sesiones con clientes<\/li>\n<\/ul>\t\t\t\t\t\t\t\t<\/div>\n\t\t\t\t<\/div>\n\t\t\t\t<div class=\"elementor-element elementor-element-640a98f elementor-widget elementor-widget-heading\" data-id=\"640a98f\" data-element_type=\"widget\" data-widget_type=\"heading.default\">\n\t\t\t\t<div class=\"elementor-widget-container\">\n\t\t\t\t\t<h2 class=\"elementor-heading-title elementor-size-default\">PROGRAMA DEL TALLER<\/h2>\t\t\t\t<\/div>\n\t\t\t\t<\/div>\n\t\t\t\t<div class=\"elementor-element elementor-element-8406d37 elementor-widget elementor-widget-text-editor\" data-id=\"8406d37\" data-element_type=\"widget\" data-widget_type=\"text-editor.default\">\n\t\t\t\t<div class=\"elementor-widget-container\">\n\t\t\t\t\t\t\t\t\t<ul><li>introducci\u00f3n: modelo de procesamiento adaptativo de la informaci\u00f3n (AIP), memoria traum\u00e1tica, doble atenci\u00f3n, orientaci\u00f3n al presente<\/li><li>acceso a la orientaci\u00f3n actual: cuestiones cr\u00edticas<\/li><li>c\u00f3mo establecer y mantener la atenci\u00f3n dual: algunas herramientas posibles (BHS y CIPOS, el contentor y otras estrategias<\/li><\/ul>\t\t\t\t\t\t\t\t<\/div>\n\t\t\t\t<\/div>\n\t\t\t\t<div class=\"elementor-element elementor-element-0821df4 elementor-widget elementor-widget-heading\" data-id=\"0821df4\" data-element_type=\"widget\" data-widget_type=\"heading.default\">\n\t\t\t\t<div class=\"elementor-widget-container\">\n\t\t\t\t\t<h2 class=\"elementor-heading-title elementor-size-default\">MODALIDADES DE ACCESO<\/h2>\t\t\t\t<\/div>\n\t\t\t\t<\/div>\n\t\t\t\t<div class=\"elementor-element elementor-element-9d58b31 elementor-widget elementor-widget-heading\" data-id=\"9d58b31\" data-element_type=\"widget\" data-widget_type=\"heading.default\">\n\t\t\t\t<div class=\"elementor-widget-container\">\n\t\t\t\t\t<h2 class=\"elementor-heading-title elementor-size-default translation-block\">Para m\u00e1s detalles sobre fechas, costes y accesibilidad del curso, consulte CRSP.it.<br><br>&lt;a href=&quot;<a href=\"\/es\/info@manuelaspadoni.com\/\">Haga clic aqu\u00ed para solicitar m\u00e1s detalles<\/a>\" target=\"_self\"&gt;crsp.it\/training-emdr-accredited\/other-courses<\/a>.<\/h2>\t\t\t\t<\/div>\n\t\t\t\t<\/div>\n\t\t\t\t<div class=\"elementor-element elementor-element-ab4d90f elementor-widget elementor-widget-spacer\" data-id=\"ab4d90f\" data-element_type=\"widget\" data-widget_type=\"spacer.default\">\n\t\t\t\t<div class=\"elementor-widget-container\">\n\t\t\t\t\t\t\t<div class=\"elementor-spacer\">\n\t\t\t<div class=\"elementor-spacer-inner\"><\/div>\n\t\t<\/div>\n\t\t\t\t\t\t<\/div>\n\t\t\t\t<\/div>\n\t\t\t\t<\/div>\n\t\t\t\t\t<\/div>\n\t\t\t\t<\/div>\n\t\t<div class=\"elementor-element elementor-element-ac1e2b4 e-flex e-con-boxed e-con e-parent\" data-id=\"ac1e2b4\" data-element_type=\"container\">\n\t\t\t\t\t<div class=\"e-con-inner\">\n\t\t<div class=\"elementor-element elementor-element-2605ae3 e-con-full e-flex e-con e-parent\" data-id=\"2605ae3\" data-element_type=\"container\" data-settings=\"{&quot;background_background&quot;:&quot;classic&quot;}\">\n\t\t\t\t<div class=\"elementor-element elementor-element-253768d elementor-widget elementor-widget-spacer\" data-id=\"253768d\" data-element_type=\"widget\" data-widget_type=\"spacer.default\">\n\t\t\t\t<div class=\"elementor-widget-container\">\n\t\t\t\t\t\t\t<div class=\"elementor-spacer\">\n\t\t\t<div class=\"elementor-spacer-inner\"><\/div>\n\t\t<\/div>\n\t\t\t\t\t\t<\/div>\n\t\t\t\t<\/div>\n\t\t\t\t<div class=\"elementor-element elementor-element-553ea56 elementor-widget elementor-widget-heading\" data-id=\"553ea56\" data-element_type=\"widget\" data-widget_type=\"heading.default\">\n\t\t\t\t<div class=\"elementor-widget-container\">\n\t\t\t\t\t<h2 class=\"elementor-heading-title elementor-size-default\">OTROS TALLERES TEM\u00c1TICOS<br>puede organizarse previa petici\u00f3n<\/h2>\t\t\t\t<\/div>\n\t\t\t\t<\/div>\n\t\t\t\t<div class=\"elementor-element elementor-element-8db8dff elementor-widget elementor-widget-spacer\" data-id=\"8db8dff\" data-element_type=\"widget\" data-widget_type=\"spacer.default\">\n\t\t\t\t<div class=\"elementor-widget-container\">\n\t\t\t\t\t\t\t<div class=\"elementor-spacer\">\n\t\t\t<div class=\"elementor-spacer-inner\"><\/div>\n\t\t<\/div>\n\t\t\t\t\t\t<\/div>\n\t\t\t\t<\/div>\n\t\t\t\t<\/div>\n\t\t\t\t\t<\/div>\n\t\t\t\t<\/div>\n\t\t<div class=\"elementor-element elementor-element-4e69081 e-flex e-con-boxed e-con e-parent\" data-id=\"4e69081\" data-element_type=\"container\" data-settings=\"{&quot;background_background&quot;:&quot;classic&quot;}\">\n\t\t\t\t\t<div class=\"e-con-inner\">\n\t\t\t\t<div class=\"elementor-element elementor-element-f22b7a9 elementor-widget elementor-widget-heading\" data-id=\"f22b7a9\" data-element_type=\"widget\" data-widget_type=\"heading.default\">\n\t\t\t\t<div class=\"elementor-widget-container\">\n\t\t\t\t\t<h2 class=\"elementor-heading-title elementor-size-default\">CONFERENCIAS<\/h2>\t\t\t\t<\/div>\n\t\t\t\t<\/div>\n\t\t\t\t\t<\/div>\n\t\t\t\t<\/div>\n\t\t<div class=\"elementor-element elementor-element-cfc061b e-flex e-con-boxed e-con e-parent\" data-id=\"cfc061b\" data-element_type=\"container\">\n\t\t\t\t\t<div class=\"e-con-inner\">\n\t\t<div class=\"elementor-element elementor-element-f82669d e-con-full e-flex e-con e-parent\" data-id=\"f82669d\" data-element_type=\"container\" data-settings=\"{&quot;background_background&quot;:&quot;classic&quot;}\">\n\t\t\t\t<div class=\"elementor-element elementor-element-37a34ba elementor-widget elementor-widget-spacer\" data-id=\"37a34ba\" data-element_type=\"widget\" data-widget_type=\"spacer.default\">\n\t\t\t\t<div class=\"elementor-widget-container\">\n\t\t\t\t\t\t\t<div class=\"elementor-spacer\">\n\t\t\t<div class=\"elementor-spacer-inner\"><\/div>\n\t\t<\/div>\n\t\t\t\t\t\t<\/div>\n\t\t\t\t<\/div>\n\t\t\t\t<div class=\"elementor-element elementor-element-711421b elementor-widget elementor-widget-heading\" data-id=\"711421b\" data-element_type=\"widget\" data-widget_type=\"heading.default\">\n\t\t\t\t<div class=\"elementor-widget-container\">\n\t\t\t\t\t<h2 class=\"elementor-heading-title elementor-size-default\">Conferencia Taller EMDR Europa <\/h2>\t\t\t\t<\/div>\n\t\t\t\t<\/div>\n\t\t\t\t<div class=\"elementor-element elementor-element-92835c2 elementor-widget elementor-widget-heading\" data-id=\"92835c2\" data-element_type=\"widget\" data-widget_type=\"heading.default\">\n\t\t\t\t<div class=\"elementor-widget-container\">\n\t\t\t\t\t<h2 class=\"elementor-heading-title elementor-size-default\">Valencia, 10-12 de junio de 2022<\/h2>\t\t\t\t<\/div>\n\t\t\t\t<\/div>\n\t\t\t\t<div class=\"elementor-element elementor-element-2c9c99b elementor-widget elementor-widget-text-editor\" data-id=\"2c9c99b\" data-element_type=\"widget\" data-widget_type=\"text-editor.default\">\n\t\t\t\t<div class=\"elementor-widget-container\">\n\t\t\t\t\t\t\t\t\t<p>Manuela Spadoni presenta su ponencia<\/p>\t\t\t\t\t\t\t\t<\/div>\n\t\t\t\t<\/div>\n\t\t\t\t<div class=\"elementor-element elementor-element-96e1688 elementor-widget elementor-widget-spacer\" data-id=\"96e1688\" data-element_type=\"widget\" data-widget_type=\"spacer.default\">\n\t\t\t\t<div class=\"elementor-widget-container\">\n\t\t\t\t\t\t\t<div class=\"elementor-spacer\">\n\t\t\t<div class=\"elementor-spacer-inner\"><\/div>\n\t\t<\/div>\n\t\t\t\t\t\t<\/div>\n\t\t\t\t<\/div>\n\t\t\t\t<\/div>\n\t\t<div class=\"elementor-element elementor-element-4ae6d5a e-con-full e-flex e-con e-parent\" data-id=\"4ae6d5a\" data-element_type=\"container\">\n\t\t\t\t<div class=\"elementor-element elementor-element-d2ecca8 elementor-widget elementor-widget-video\" data-id=\"d2ecca8\" data-element_type=\"widget\" data-settings=\"{&quot;video_type&quot;:&quot;hosted&quot;,&quot;controls&quot;:&quot;yes&quot;}\" data-widget_type=\"video.default\">\n\t\t\t\t<div class=\"elementor-widget-container\">\n\t\t\t\t\t\t\t<div class=\"e-hosted-video elementor-wrapper elementor-open-inline\">\n\t\t\t\t\t<video class=\"elementor-video\" src=\"https:\/\/manuelaspadoni.com\/wp-content\/uploads\/2023\/06\/Manuela-spadoni-conferenza.mp4\" controls=\"\" preload=\"metadata\" controlslist=\"nodownload\"><\/video>\n\t\t\t\t<\/div>\n\t\t\t\t\t\t<\/div>\n\t\t\t\t<\/div>\n\t\t\t\t<\/div>\n\t\t\t\t\t<\/div>\n\t\t\t\t<\/div>\n\t\t\t\t<\/div>","protected":false},"excerpt":{"rendered":"<p>TALLERES impartidos por la Dra. Manuela Spadoni TRATAMIENTO EMDR DE TRAUMA COMPLEJO Y TRASTORNOS DISSOCIATIVOS (taller de 2 d\u00edas) Este taller es muy \u00fatil para colegas que quieran profundizar en un m\u00e9todo EMDR para trabajar con pacientes con traumatizaci\u00f3n compleja (TEPT complejo y trastornos disociativos). Al trabajar con este tipo de pacientes, a menudo es necesario [...]<\/p>","protected":false},"author":1,"featured_media":0,"parent":0,"menu_order":0,"comment_status":"closed","ping_status":"closed","template":"","meta":{"footnotes":""},"class_list":["post-170","page","type-page","status-publish","hentry"],"_links":{"self":[{"href":"https:\/\/manuelaspadoni.com\/es\/wp-json\/wp\/v2\/pages\/170","targetHints":{"allow":["GET"]}}],"collection":[{"href":"https:\/\/manuelaspadoni.com\/es\/wp-json\/wp\/v2\/pages"}],"about":[{"href":"https:\/\/manuelaspadoni.com\/es\/wp-json\/wp\/v2\/types\/page"}],"author":[{"embeddable":true,"href":"https:\/\/manuelaspadoni.com\/es\/wp-json\/wp\/v2\/users\/1"}],"replies":[{"embeddable":true,"href":"https:\/\/manuelaspadoni.com\/es\/wp-json\/wp\/v2\/comments?post=170"}],"version-history":[{"count":130,"href":"https:\/\/manuelaspadoni.com\/es\/wp-json\/wp\/v2\/pages\/170\/revisions"}],"predecessor-version":[{"id":956,"href":"https:\/\/manuelaspadoni.com\/es\/wp-json\/wp\/v2\/pages\/170\/revisions\/956"}],"wp:attachment":[{"href":"https:\/\/manuelaspadoni.com\/es\/wp-json\/wp\/v2\/media?parent=170"}],"curies":[{"name":"wp","href":"https:\/\/api.w.org\/{rel}","templated":true}]}}